{"id":2005,"date":"2024-02-12T20:28:25","date_gmt":"2024-02-12T19:28:25","guid":{"rendered":"https:\/\/www.contemporainedenimes.com\/?post_type=evenement&#038;p=2005"},"modified":"2024-03-11T19:06:57","modified_gmt":"2024-03-11T18:06:57","slug":"opening-weekend","status":"publish","type":"evenement","link":"https:\/\/www.contemporainedenimes.com\/en\/evenements\/opening-weekend\/","title":{"rendered":"OPENING WEEKEND"},"content":{"rendered":"<div class=\"cdn23_CONTENT_BLOCK cdn23_CHAPEAU\"><p><span style=\"font-weight: 400;\">On April 5, 6 and 7, 2024, visit the 1<sup>st<\/sup> Contemporaine de N\u00eemes during its opening weekend, punctuated by numerous key events.<\/span><\/p>\n<p><span style=\"font-weight: 400;\">And all weekend long, the entire program, including <a href=\"https:\/\/www.contemporainedenimes.com\/en\/exhibition-la-fleur-et-la-force\/\">the exhibition &#8220;La Fleur et la Force&#8221; [The Flower and the Strength]<\/a>, is free!<\/span><\/p>\n<h3 id=\"the-program\"><strong>THE PROGRAM<\/strong><\/h3>\n<p>&nbsp;<\/p>\n<p><strong>FRIDAY, APRIL 5<\/strong><\/p>\n<ul>\n<li><span style=\"font-weight: 400;\">6-10pm: opening of the <a href=\"https:\/\/www.contemporainedenimes.com\/en\/exhibition-la-fleur-et-la-force\/\">&#8220;La Fleur et la Force&#8221; exhibition<\/a> and &#8220;La Fugue&#8221;, a musical journey through the city with U\u00e8le Lamore and students from the Conservatoire de N\u00eemes.<\/span><\/li>\n<\/ul>\n<p>&nbsp;<\/p>\n<p><b>SATURDAY, APRIL 6<\/b><\/p>\n<ul>\n<li><span style=\"font-weight: 400;\">From 10am: free access to the exhibition &#8220;La Fleur et la Force&#8221; [The Flower and the Strength].<\/span><\/li>\n<li><span style=\"font-weight: 400;\">11am: opening of the collective exhibition &#8220;Channel\u201d at CACN \u2013 Contemporary Art Center.<\/span><\/li>\n<li><span style=\"font-weight: 400;\">12pm: opening of Fatima Mazmouz&#8217;s solo exhibition at Negpos \u2013 Photographic Art Center.<\/span><\/li>\n<li><span style=\"font-weight: 400;\">1pm: meeting with artists Clara N\u00e9binger and Noureddine Benhamed at Atelier \u00c9tant donn\u00e9 in prefiguration of their residencies.<\/span><\/li>\n<li><span style=\"font-weight: 400;\">2-6 pm: associated festival of the \u00c9cole sup\u00e9rieure des beaux-arts de N\u00eemes (\u00e9sban).<\/span><\/li>\n<li><span style=\"font-weight: 400;\">4pm-5pm: premiere of Rayane Mcirdi&#8217;s film &#8220;La Promesse&#8221;, accompanied by Virgil Vernier, at Cinema Le S\u00e9maphore.<\/span><\/li>\n<li><span style=\"font-weight: 400;\">5pm: opening of the collective exhibition &#8220;S\u00e9rum Anti-\u00c2ge&#8221; at Pamela Artist-run-space and Won Jy&#8217;s solo exhibition &#8220;Extra-muros&#8221; at On\/Off.<\/span><\/li>\n<li><span style=\"font-weight: 400;\">6pm-1am: &#8220;La Boum&#8221;, grand opening party in the Arena with A\u00efda Bruy\u00e8re, Barbara Butch, Jacqelyn Elder and Cl\u00e9ment LM.<\/span><\/li>\n<\/ul>\n<p>&nbsp;<\/p>\n<p><b>SUNDAY, APRIL 7<\/b><\/p>\n<ul>\n<li><span style=\"font-weight: 400;\">From 10am: free access to the <a href=\"https:\/\/www.contemporainedenimes.com\/en\/exhibition-la-fleur-et-la-force\/\">exhibition &#8220;La Fleur et la Force&#8221;<\/a> and to the associated program (CACN \u2013 Contemporary Art Center, Negpos \u2013 Photographic Art Center, Atelier \u00c9tant donn\u00e9, Pamela Artist-run-space, On\/Off).<\/span><\/li>\n<li><span style=\"font-weight: 400;\">From 12pm: opening parties at the three &#8220;Houses&#8221; of the Contemporaine.<\/span><\/li>\n<\/ul>\n<\/div>","protected":false},"author":2,"featured_media":960,"menu_order":0,"template":"","editions":[2],"propositions":[],"disciplines":[],"class_list":["post-2005","evenement","type-evenement","status-publish","has-post-thumbnail","hentry","editions-2","entry"],"acf":[],"_links":{"self":[{"href":"https:\/\/www.contemporainedenimes.com\/en\/wp-json\/wp\/v2\/evenement\/2005","targetHints":{"allow":["GET"]}}],"collection":[{"href":"https:\/\/www.contemporainedenimes.com\/en\/wp-json\/wp\/v2\/evenement"}],"about":[{"href":"https:\/\/www.contemporainedenimes.com\/en\/wp-json\/wp\/v2\/types\/evenement"}],"author":[{"embeddable":true,"href":"https:\/\/www.contemporainedenimes.com\/en\/wp-json\/wp\/v2\/users\/2"}],"version-history":[{"count":1,"href":"https:\/\/www.contemporainedenimes.com\/en\/wp-json\/wp\/v2\/evenement\/2005\/revisions"}],"predecessor-version":[{"id":2014,"href":"https:\/\/www.contemporainedenimes.com\/en\/wp-json\/wp\/v2\/evenement\/2005\/revisions\/2014"}],"wp:featuredmedia":[{"embeddable":true,"href":"https:\/\/www.contemporainedenimes.com\/en\/wp-json\/wp\/v2\/media\/960"}],"wp:attachment":[{"href":"https:\/\/www.contemporainedenimes.com\/en\/wp-json\/wp\/v2\/media?parent=2005"}],"wp:term":[{"taxonomy":"editions","embeddable":true,"href":"https:\/\/www.contemporainedenimes.com\/en\/wp-json\/wp\/v2\/editions?post=2005"},{"taxonomy":"propositions","embeddable":true,"href":"https:\/\/www.contemporainedenimes.com\/en\/wp-json\/wp\/v2\/propositions?post=2005"},{"taxonomy":"disciplines","embeddable":true,"href":"https:\/\/www.contemporainedenimes.com\/en\/wp-json\/wp\/v2\/disciplines?post=2005"}],"curies":[{"name":"wp","href":"https:\/\/api.w.org\/{rel}","templated":true}]}}